{"id":22,"date":"2021-05-30T16:09:37","date_gmt":"2021-05-30T14:09:37","guid":{"rendered":"http:\/\/brocantedebouge.net\/?page_id=22"},"modified":"2024-05-20T09:20:49","modified_gmt":"2024-05-20T07:20:49","slug":"informations-aux-participants","status":"publish","type":"page","link":"https:\/\/brocantedebouge.net\/index.php\/informations-aux-participants\/","title":{"rendered":"Informations aux participants"},"content":{"rendered":"\n<p><strong>Horaire de la braderie- brocante<\/strong> : Comme les ann\u00e9es pr\u00e9c\u00e9dentes, la braderie-brocante se d\u00e9roulera de 8h00 \u00e0 18h00. L&rsquo;installation doit se faire entre 6h00 et 8h30. Les emplacements non-occup\u00e9s \u00e0 8h30 (m\u00eame s&rsquo;ils sont r\u00e9serv\u00e9s) seront redistribu\u00e9s.<\/p>\n\n\n\n<p><strong>Co\u00fbt<\/strong> : La participation s&rsquo;\u00e9l\u00e8ve \u00e0 7 euros le m\u00e8tre courant pour la journ\u00e9e avec r\u00e9servation obligatoire minimum de 3 m\u00e8tres.<\/p>\n\n\n\n<p><strong>Modalit\u00e9s de r\u00e9servation :<\/strong>  La r\u00e9servation des emplacements se fait prioritairement via ce site internet. Elle est confirm\u00e9e d\u00e8s r\u00e9ception du paiement en nos comptes.<\/p>\n\n\n\n<p><strong>Attribution des emplacements :<\/strong> Les emplacements sont attribu\u00e9s selon les r\u00e8gles d\u00e9crites ci-dessous. En temps utile, un laisser-passer mentionnant le num\u00e9ro de votre emplacement vous sera adress\u00e9.<\/p>\n\n\n\n<p><strong>P\u00e9riode de r\u00e9servation : <\/strong>Les r\u00e9servations seront cl\u00f4tur\u00e9es le dimanche 21 ao\u00fbt 2022 \u00e0 minuit.<\/p>\n\n\n\n<p><strong>Confirmation de l&rsquo;attribution des emplacements <\/strong>: le num\u00e9ro de votre emplacement ainsi que votre laisser-passer seront envoy\u00e9s par e-mail dans le courant de la semaine du 29 ao\u00fbt. Il est donc inutile de nous contacter \u00e0 ce propos. <em>Seules les r\u00e9servations qui auront \u00e9t\u00e9 confirm\u00e9es par paiement seront prises en compte.<\/em><\/p>\n\n\n\n<p>Remarque importante pour les riverains et commer\u00e7ants : La location ou la sous-location de votre trottoir est interdite. Seule l&rsquo;association organisatrice est habilit\u00e9e \u00e0 louer des emplacements.<\/p>\n\n\n\n<p><strong>Comment sont attribu\u00e9s les emplacements ?<\/strong><\/p>\n\n\n\n<p>Chaque emplacement est attribu\u00e9 selon l&rsquo;ordre de priorit\u00e9 suivant : <\/p>\n\n\n\n<ol class=\"wp-block-list\">\n<li>Le commer\u00e7ant local pour la largeur de sa fa\u00e7ade.<\/li>\n\n\n\n<li>Le riverain pour la largeur de sa fa\u00e7ade. On entend par riverain la personne domicili\u00e9e sur le trac\u00e9 de la brocante; c&rsquo;est \u00e0 dire une personne qui \u00e9tant domicili\u00e9e rue de Sardanson dans sa portion comprise entre la chauss\u00e9e de Louvain et la rue du Sanctuaire; chauss\u00e9e de Louvain dans sa portion comprise entre l&rsquo;All\u00e9e du Moulin \u00e0 Vent et la rue Florent Delvaux; rue de Pitteurs dans sa portion comprise entre la chauss\u00e9e de Louvain et la rue Charles Bouvier. Dans le cas o\u00f9 plusieurs riverains sont domicili\u00e9s dans le m\u00eame immeuble (immeuble \u00e0 appartements par exemple), la date d&rsquo;inscription ET de paiement d\u00e9terminent la priorit\u00e9 d&rsquo;attribution de l&#8217;emplacement. Si le riverain souhaite en emplacement plus grand que la largeur de sa fa\u00e7ade, il lui sera attribu\u00e9 apr\u00e8s r\u00e9server ET \u00e0 la condition que son voisin ne sollicite pas lui-m\u00eame d&rsquo;occuper l&#8217;emplacement devant sa fa\u00e7ade.<br>Riverain ou Commer\u00e7ant : il s&rsquo;agit de la r\u00e9sidence effective, pas celle d&rsquo;une connaissance ou d&rsquo;une parent\u00e8le proche ou \u00e9loign\u00e9e.<br><em>Afin d&rsquo;\u00e9valuer la largeur d&rsquo;un emplacement, petit truc : 1 m = 1 caniveau.<\/em><\/li>\n\n\n\n<li>Les autres brocanteurs selon l&rsquo;ordre de r\u00e9servation ET de paiement.<\/li>\n\n\n\n<li>Les riverains qui n&rsquo;auraient pas r\u00e9serv\u00e9 dans les d\u00e9lais indiqu\u00e9s, perdent leur avantage cit\u00e9 au point 2.<\/li>\n\n\n\n<li>Les emplacements r\u00e9serv\u00e9s qui ne seraient pas occup\u00e9s \u00e0 8:30 pourront \u00eatre r\u00e9affect\u00e9s et ne seront pas rembours\u00e9s.<\/li>\n<\/ol>\n\n\n\n<p>Lors des inscriptions, certains mentionnent la qualit\u00e9 de riverain alors qu&rsquo;ils ne r\u00e9pondent pas \u00e0 sa description<\/p>\n\n\n\n<p><strong>Pour rappel<\/strong><\/p>\n\n\n\n<p>Le riverain pour la largeur de sa fa\u00e7ade. On entend par riverain la personne domicili\u00e9e sur le trac\u00e9 de la brocante; c\u2019est \u00e0 dire une personne qui \u00e9tant domicili\u00e9e rue de Sardanson dans sa portion comprise entre la chauss\u00e9e de Louvain et la rue du Sanctuaire; chauss\u00e9e de Louvain dans sa portion comprise entre l\u2019All\u00e9e du Moulin \u00e0 Vent et la rue Florent Delvaux; rue de Pitteurs dans sa portion comprise entre la chauss\u00e9e de Louvain et la rue Charles Bouvier. Dans le cas o\u00f9 plusieurs riverains sont domicili\u00e9s dans le m\u00eame immeuble (immeuble \u00e0 appartements par exemple), la date d\u2019inscription ET de paiement d\u00e9terminent la priorit\u00e9 d\u2019attribution de l\u2019emplacement. Si le riverain souhaite en emplacement plus grand que la largeur de sa fa\u00e7ade, il lui sera attribu\u00e9 apr\u00e8s r\u00e9server ET \u00e0 la condition que son voisin ne sollicite pas lui-m\u00eame d\u2019occuper l\u2019emplacement devant sa fa\u00e7ade.Grace \u00e0 l&rsquo;article ci-dessus, nous pouvons vous recommander les derni\u00e8res robes.<a href=\"https:\/\/www.high-endrolex.com\/\">Shop dress<\/a> dans une vari\u00e9t\u00e9 de longueurs, de couleurs et de styles pour chaque occasion, de vos marques pr\u00e9f\u00e9r\u00e9es.\n<\/p>\n\n\n\n<p>Nous vous demandons de bien vouloir respecter vos qualit\u00e9s: commer\u00e7ants, riverains, autres. Vous risquez de ne pas avoir l&#8217;emplacement demand\u00e9 car r\u00e9serv\u00e9 \u00e0 un riverain Merci d&rsquo;avance.<\/p>\n\n\n\n<p>Les candidats exposants peuvent prendre <strong>contact <\/strong>via la bo\u00eete email ou ce lien <a href=\"mailto:chauvierclaudine@gmail.com?subject=Brocante%202023%20:%20Question\">chauvierclaudine@gmail.com<\/a>. Une r\u00e9ponse sera apport\u00e9e aussi rapidement que possible.<\/p>\n\n\n\n<p><strong>R\u00e8gles g\u00e9n\u00e9rales :<\/strong><\/p>\n\n\n\n<p>Les exposants (riverains ou commer\u00e7ants inclus) qui diffuseraient de la musique d&rsquo;ambiance, doivent le faire dans le respect des activit\u00e9s organis\u00e9es par l&rsquo;asbl Ars et Labor qui se tiendront sur l&#8217;emplacement Tom &amp; Co. Durant ces p\u00e9riodes, le volume \u00e9mis par les exposants ne devra pas perturber les musiciens. Les responsables se r\u00e9servent le droit de demander de baisser le volume durant ces prestations. Ceci nonobstant le respect des arr\u00eat\u00e9s r\u00e9gionaux en la mati\u00e8re.<\/p>\n\n\n\n<p>Chaque brocanteur devra disposer d&rsquo;un flacon de gel hydroalcoolique mis \u00e0 disposition des chalands.<\/p>\n\n\n\n<p>La vente de boissons et nourriture est strictement r\u00e9serv\u00e9e \u00e0 l&rsquo;organisation et aux commer\u00e7ants exer\u00e7ant sur le parcours et dont c&rsquo;est l&rsquo;activit\u00e9 commerciale ordinaire.<\/p>\n\n\n\n<p>La vente d&rsquo;objets antiques, de brocante ainsi que de v\u00eatements  d&rsquo;occasion est autoris\u00e9e.<\/p>\n\n\n\n<p><strong>La propret\u00e9 du site est un \u00e9l\u00e9ment important. Chaque exposant sera responsable des d\u00e9chets de son emplacement. Il mettra une poubelle \u00e0 disposition si n\u00e9cessaire. <\/strong>L&rsquo;organisation se r\u00e9serve le droit de r\u00e9clamer des frais li\u00e9s \u00e0 l&rsquo;enl\u00e8vement de tout d\u00e9p\u00f4t de d\u00e9chets qui subsisterait apr\u00e8s le d\u00e9part des exposants.<\/p>\n\n\n\n<p><\/p>\n","protected":false},"excerpt":{"rendered":"<p>Horaire de la braderie- brocante : Comme les ann\u00e9es pr\u00e9c\u00e9dentes, la braderie-brocante se d\u00e9roulera de 8h00 \u00e0 18h00. L&rsquo;installation doit se faire entre 6h00 et&#8230;<\/p>\n<div class=\"more-link-wrapper\"><a class=\"more-link\" href=\"https:\/\/brocantedebouge.net\/index.php\/informations-aux-participants\/\">Continue Reading<span class=\"screen-reader-text\">Informations aux participants<\/span><\/a><\/div>\n","protected":false},"author":1,"featured_media":0,"parent":0,"menu_order":0,"comment_status":"closed","ping_status":"closed","template":"","meta":{"iawp_total_views":1388,"footnotes":""},"class_list":["post-22","page","type-page","status-publish","hentry","entry"],"_links":{"self":[{"href":"https:\/\/brocantedebouge.net\/index.php\/wp-json\/wp\/v2\/pages\/22","targetHints":{"allow":["GET"]}}],"collection":[{"href":"https:\/\/brocantedebouge.net\/index.php\/wp-json\/wp\/v2\/pages"}],"about":[{"href":"https:\/\/brocantedebouge.net\/index.php\/wp-json\/wp\/v2\/types\/page"}],"author":[{"embeddable":true,"href":"https:\/\/brocantedebouge.net\/index.php\/wp-json\/wp\/v2\/users\/1"}],"replies":[{"embeddable":true,"href":"https:\/\/brocantedebouge.net\/index.php\/wp-json\/wp\/v2\/comments?post=22"}],"version-history":[{"count":26,"href":"https:\/\/brocantedebouge.net\/index.php\/wp-json\/wp\/v2\/pages\/22\/revisions"}],"predecessor-version":[{"id":259,"href":"https:\/\/brocantedebouge.net\/index.php\/wp-json\/wp\/v2\/pages\/22\/revisions\/259"}],"wp:attachment":[{"href":"https:\/\/brocantedebouge.net\/index.php\/wp-json\/wp\/v2\/media?parent=22"}],"curies":[{"name":"wp","href":"https:\/\/api.w.org\/{rel}","templated":true}]}}